{"version":"1.0","provider_name":"MT71 - Pr\u00e9vention &amp; Sant\u00e9 au Travail","provider_url":"https:\/\/www.mt71.fr\/v2","author_name":"Fabrice LOGEROT","author_url":"https:\/\/www.mt71.fr\/v2\/author\/flogerot\/","title":"L'offre sp\u00e9cifique... pour les travailleurs non salari\u00e9s (TNS) - MT71 - Pr\u00e9vention &amp; Sant\u00e9 au Travail","type":"rich","width":600,"height":338,"html":"<blockquote class=\"wp-embedded-content\" data-secret=\"mOYvTqQl0M\"><a href=\"https:\/\/www.mt71.fr\/v2\/loffre-specifique\/\">L&rsquo;offre sp\u00e9cifique&#8230; pour les travailleurs non salari\u00e9s (TNS)<\/a><\/blockquote><iframe sandbox=\"allow-scripts\" security=\"restricted\" src=\"https:\/\/www.mt71.fr\/v2\/loffre-specifique\/embed\/#?secret=mOYvTqQl0M\" width=\"600\" height=\"338\" title=\"\u00ab\u00a0L&rsquo;offre sp\u00e9cifique&#8230; pour les travailleurs non salari\u00e9s (TNS)\u00a0\u00bb &#8212; MT71 - Pr\u00e9vention &amp; Sant\u00e9 au Travail\" data-secret=\"mOYvTqQl0M\" frameborder=\"0\" marginwidth=\"0\" marginheight=\"0\" scrolling=\"no\" class=\"wp-embedded-content\"><\/iframe><script>\n\/*! This file is auto-generated *\/\n!function(d,l){\"use strict\";l.querySelector&&d.addEventListener&&\"undefined\"!=typeof URL&&(d.wp=d.wp||{},d.wp.receiveEmbedMessage||(d.wp.receiveEmbedMessage=function(e){var t=e.data;if((t||t.secret||t.message||t.value)&&!\/[^a-zA-Z0-9]\/.test(t.secret)){for(var s,r,n,a=l.querySelectorAll('iframe[data-secret=\"'+t.secret+'\"]'),o=l.querySelectorAll('blockquote[data-secret=\"'+t.secret+'\"]'),c=new RegExp(\"^https?:$\",\"i\"),i=0;i<o.length;i++)o[i].style.display=\"none\";for(i=0;i<a.length;i++)s=a[i],e.source===s.contentWindow&&(s.removeAttribute(\"style\"),\"height\"===t.message?(1e3<(r=parseInt(t.value,10))?r=1e3:~~r<200&&(r=200),s.height=r):\"link\"===t.message&&(r=new URL(s.getAttribute(\"src\")),n=new URL(t.value),c.test(n.protocol))&&n.host===r.host&&l.activeElement===s&&(d.top.location.href=t.value))}},d.addEventListener(\"message\",d.wp.receiveEmbedMessage,!1),l.addEventListener(\"DOMContentLoaded\",function(){for(var e,t,s=l.querySelectorAll(\"iframe.wp-embedded-content\"),r=0;r<s.length;r++)(t=(e=s[r]).getAttribute(\"data-secret\"))||(t=Math.random().toString(36).substring(2,12),e.src+=\"#?secret=\"+t,e.setAttribute(\"data-secret\",t)),e.contentWindow.postMessage({message:\"ready\",secret:t},\"*\")},!1)))}(window,document);\n\/\/# sourceURL=https:\/\/www.mt71.fr\/v2\/wp-includes\/js\/wp-embed.min.js\n<\/script>\n","description":"Public concern\u00e9 La Loi du 02\/08\/21 introduit le suivi en sant\u00e9 au travail pour les chefs d\u2019entreprise, les travailleurs ind\u00e9pendants et les autoentrepreneurs. Contenu de l\u2019offre sp\u00e9cifique MT71 L\u2019offre sp\u00e9cifique d\u00e9finie au sein de MT71 a \u00e9t\u00e9 valid\u00e9e au cours du Conseil d\u2019Administration du 28 avril 2023 et pr\u00e9voit : Suivi individuel de sant\u00e9 :&hellip;","thumbnail_url":"https:\/\/www.mt71.fr\/v2\/wp-content\/uploads\/2025\/02\/TNS-offre-specifique.png","thumbnail_width":1584,"thumbnail_height":200}