{"version":"1.0","provider_name":"MT71 - Pr\u00e9vention &amp; Sant\u00e9 au Travail","provider_url":"https:\/\/www.mt71.fr\/v2","author_name":"webmestre","author_url":"https:\/\/www.mt71.fr\/v2\/author\/dmichaut\/","title":"Le m\u00e9tier de m\u00e9decin du travail - MT71 - Pr\u00e9vention &amp; Sant\u00e9 au Travail","type":"rich","width":600,"height":338,"html":"<blockquote class=\"wp-embedded-content\" data-secret=\"LES6hucQve\"><a href=\"https:\/\/www.mt71.fr\/v2\/metier-de-medecin-travail\/\">Le m\u00e9tier de m\u00e9decin du travail<\/a><\/blockquote><iframe sandbox=\"allow-scripts\" security=\"restricted\" src=\"https:\/\/www.mt71.fr\/v2\/metier-de-medecin-travail\/embed\/#?secret=LES6hucQve\" width=\"600\" height=\"338\" title=\"\u00ab\u00a0Le m\u00e9tier de m\u00e9decin du travail\u00a0\u00bb &#8212; MT71 - Pr\u00e9vention &amp; Sant\u00e9 au Travail\" data-secret=\"LES6hucQve\" frameborder=\"0\" marginwidth=\"0\" marginheight=\"0\" scrolling=\"no\" class=\"wp-embedded-content\"><\/iframe><script>\n\/*! This file is auto-generated *\/\n!function(d,l){\"use strict\";l.querySelector&&d.addEventListener&&\"undefined\"!=typeof URL&&(d.wp=d.wp||{},d.wp.receiveEmbedMessage||(d.wp.receiveEmbedMessage=function(e){var t=e.data;if((t||t.secret||t.message||t.value)&&!\/[^a-zA-Z0-9]\/.test(t.secret)){for(var s,r,n,a=l.querySelectorAll('iframe[data-secret=\"'+t.secret+'\"]'),o=l.querySelectorAll('blockquote[data-secret=\"'+t.secret+'\"]'),c=new RegExp(\"^https?:$\",\"i\"),i=0;i<o.length;i++)o[i].style.display=\"none\";for(i=0;i<a.length;i++)s=a[i],e.source===s.contentWindow&&(s.removeAttribute(\"style\"),\"height\"===t.message?(1e3<(r=parseInt(t.value,10))?r=1e3:~~r<200&&(r=200),s.height=r):\"link\"===t.message&&(r=new URL(s.getAttribute(\"src\")),n=new URL(t.value),c.test(n.protocol))&&n.host===r.host&&l.activeElement===s&&(d.top.location.href=t.value))}},d.addEventListener(\"message\",d.wp.receiveEmbedMessage,!1),l.addEventListener(\"DOMContentLoaded\",function(){for(var e,t,s=l.querySelectorAll(\"iframe.wp-embedded-content\"),r=0;r<s.length;r++)(t=(e=s[r]).getAttribute(\"data-secret\"))||(t=Math.random().toString(36).substring(2,12),e.src+=\"#?secret=\"+t,e.setAttribute(\"data-secret\",t)),e.contentWindow.postMessage({message:\"ready\",secret:t},\"*\")},!1)))}(window,document);\n\/\/# sourceURL=https:\/\/www.mt71.fr\/v2\/wp-includes\/js\/wp-embed.min.js\n<\/script>\n","thumbnail_url":"https:\/\/www.mt71.fr\/v2\/wp-content\/uploads\/2018\/01\/filmm\u00e9decine.jpg","thumbnail_width":560,"thumbnail_height":315,"description":"Ecrit et r\u00e9alis\u00e9 par un interne en m\u00e9decine du travail, Thierry Bonjour, voici un film d&rsquo;animation qui pr\u00e9sente le m\u00e9tier de m\u00e9decin du travail, soutenu par l&rsquo;Association Nationale des Internes en M\u00e9decine du Travail (ANIMT). Merci d&rsquo;accepter les cookies YouTube pour lancer cette vid\u00e9o.\u00a0 En acceptant, vous pourrez avoir acc\u00e8s au contenu depuis Youtube, un&hellip;"}